{"id":14940,"date":"2022-06-15T13:34:40","date_gmt":"2022-06-15T12:34:40","guid":{"rendered":"https:\/\/www.vccp.com\/?post_type=work&#038;p=14940"},"modified":"2022-12-16T14:10:44","modified_gmt":"2022-12-16T14:10:44","slug":"museum-of-endangered-art","status":"publish","type":"work","link":"https:\/\/www.vccp.com\/uk\/work\/museum-of-endangered-art\/museum-of-endangered-art","title":{"rendered":"The Museum of Endangered Art"},"content":{"rendered":"<div class=\"lazyblock-two-column-text-inline-image-button-ZXQErs wp-block-lazyblock-two-column-text-inline-image-button\"><section class=\"fullwidth fullwidth--overflow \" data-aos=\"fade-up\">\n  <div class=\"container container--spaced-lg\">\n\n    <div class=\"row\">\n      <div class=\"col-md-6  p-md-0 \">\n      \n        <div class=\"\">\n          <picture class=\"embed-responsive-item\">\n            <source data-srcset=\"https:\/\/www.vccp.com\/uk\/wp-content\/uploads\/2022\/06\/obrazek-scaled-1.jpeg 768w\">\n                        <img data-src=\"https:\/\/www.vccp.com\/uk\/wp-content\/uploads\/2022\/06\/obrazek-scaled-1.jpeg\" alt=\"\" class=\"lazyload img-fluid img-1-1\">\n          <\/picture>\n        <\/div>\n        \n      <\/div>\n\n      <div class=\"col-md-6 align-self-center\">\n        <div class=\"content pt-md-0\">\n                    \n          <div class=\"p\">\n            <p><span style=\"font-weight: 400\">The Russian invasion of Ukraine and the ongoing conflict has caused mass devastation to the Ukrainian nation, its people and its culture. Since the beginning of the war Russian forces have caused considerable damage and in some cases, complete destruction, to at least 240 cultural sites, monuments and museums which house important art collections, alongside the destruction of over 350 cultural objects.<\/span><span style=\"font-weight: 400\">\u00a0<\/span><\/p>\n<p><span style=\"font-weight: 400\">As the conflict rages on, artists, curators and the creative community have joined forces to protect the country\u2019s most valuable art and Ukraine\u2019s cultural heritage. Spearheaded by advertising agency,<\/span><b> VCCP Prague<\/b><span style=\"font-weight: 400\">, and created in partnership with the Committee for Ukrainian Museums, Borys Voznytsky Museum, the Ukrainian Ministry of culture and Museum of Contemporary Art in Kyiv, the<\/span><a href=\"https:\/\/moea.cz\/?lang=en\"> <span style=\"font-weight: 400\">\u2018Museum of Endangered Art\u2019<\/span><\/a><span style=\"font-weight: 400\"> is a virtual exhibition which launches today to raise urgent funds to protect the rich cultural heritage of Ukraine and save some of Ukraine\u2019s most influential collections for future generations to enjoy.\u00a0<\/span><\/p>          <\/div>\n          \n                    <a class=\"btn btn-outline btn-theme btn-arrow-right\" data-component=\"button\" href=\"https:\/\/moea.cz\/?lang=en\" target=\"_blank\">View<\/a>\n                  <\/div>\n      <\/div>\n    <\/div>\n\n  <\/div>\n<\/section><\/div>\n\n\n<figure class=\"wp-block-gallery has-nested-images columns-default is-cropped wp-block-gallery-1 is-layout-flex wp-block-gallery-is-layout-flex\">\n<figure class=\"wp-block-image size-large\"><img loading=\"lazy\" decoding=\"async\" width=\"1024\" height=\"769\" data-id=\"14943\" src=\"https:\/\/www.vccp.com\/wp-content\/uploads\/2022\/06\/Fountain-at-Rynok-Square-in-Lviv__Erno_Erb-1024x769.jpg\" alt=\"\" class=\"wp-image-14943\" srcset=\"https:\/\/www.vccp.com\/uk\/wp-content\/uploads\/2022\/06\/Fountain-at-Rynok-Square-in-Lviv__Erno_Erb-1024x769.jpg 1024w, https:\/\/www.vccp.com\/uk\/wp-content\/uploads\/2022\/06\/Fountain-at-Rynok-Square-in-Lviv__Erno_Erb-300x225.jpg 300w, https:\/\/www.vccp.com\/uk\/wp-content\/uploads\/2022\/06\/Fountain-at-Rynok-Square-in-Lviv__Erno_Erb-768x577.jpg 768w, https:\/\/www.vccp.com\/uk\/wp-content\/uploads\/2022\/06\/Fountain-at-Rynok-Square-in-Lviv__Erno_Erb-1536x1153.jpg 1536w, https:\/\/www.vccp.com\/uk\/wp-content\/uploads\/2022\/06\/Fountain-at-Rynok-Square-in-Lviv__Erno_Erb-2048x1538.jpg 2048w\" sizes=\"auto, (max-width: 1024px) 100vw, 1024px\" \/><\/figure>\n\n\n\n<figure class=\"wp-block-image size-large\"><img loading=\"lazy\" decoding=\"async\" width=\"1024\" height=\"760\" data-id=\"14944\" src=\"https:\/\/www.vccp.com\/wp-content\/uploads\/2022\/06\/Fountain-at-Rynok-Square-in-Lviv__Erno_Erb_after-1-1024x760.jpg\" alt=\"\" class=\"wp-image-14944\" srcset=\"https:\/\/www.vccp.com\/uk\/wp-content\/uploads\/2022\/06\/Fountain-at-Rynok-Square-in-Lviv__Erno_Erb_after-1-1024x760.jpg 1024w, https:\/\/www.vccp.com\/uk\/wp-content\/uploads\/2022\/06\/Fountain-at-Rynok-Square-in-Lviv__Erno_Erb_after-1-300x223.jpg 300w, https:\/\/www.vccp.com\/uk\/wp-content\/uploads\/2022\/06\/Fountain-at-Rynok-Square-in-Lviv__Erno_Erb_after-1-768x570.jpg 768w, https:\/\/www.vccp.com\/uk\/wp-content\/uploads\/2022\/06\/Fountain-at-Rynok-Square-in-Lviv__Erno_Erb_after-1-1536x1140.jpg 1536w, https:\/\/www.vccp.com\/uk\/wp-content\/uploads\/2022\/06\/Fountain-at-Rynok-Square-in-Lviv__Erno_Erb_after-1.jpg 2000w\" sizes=\"auto, (max-width: 1024px) 100vw, 1024px\" \/><\/figure>\n<\/figure>\n\n\n<div class=\"lazyblock-video-Z1ydMug wp-block-lazyblock-video\"><section class=\"fullwidth\">\r\n  <div class=\"container\">\r\n    <div class=\"embed-responsive embed-responsive-16by9 \" data-component=\"video\">\r\n      <iframe data-src=\"https:\/\/player.vimeo.com\/video\/720590571?title=0&amp;byline=0&amp;portrait=0&amp;color=6cbef1&amp;playsinline=0\" class=\"lazyload\" allowfullscreen title=\"\"><\/iframe>          <\/div>\r\n  <\/div>\r\n<\/section><\/div>\n\n<div class=\"lazyblock-text-full-width-RCJJF wp-block-lazyblock-text-full-width\"><section class=\"fullwidth text-center\" data-aos=\"fade-up\">\n  <div class=\"container\">\n    \n    \n    <p><!-- wp:lazyblock\/two-column-text-inline-image-button {\"text\":\"\\u003cp\\u003ePawel Ukielski\\u003c\/p\\u003e\",\"blockId\":\"sbrTC\",\"blockUniqueClass\":\"lazyblock-two-column-text-inline-image-button-sbrTC\"} \/--><!-- wp:lazyblock\/two-column-text-inline-image-button {\"text\":\"\\u003cp\\u003ePawel Ukielski\\u003c\/p\\u003e\",\"blockId\":\"sbrTC\",\"blockUniqueClass\":\"lazyblock-two-column-text-inline-image-button-sbrTC\"} \/--><\/p>\n<p><span style=\"font-weight: 400\">Unlike any Ukrainian exhibition before, visitors will discover that the iconic pieces of art have been digitally altered to reflect the ongoing horrors of war and shows scenes which include tanks, fighter jets, explosions and civilians fleeing all digitally imposed onto the original w<\/span><span style=\"font-weight: 400\">orks of art. Marek Farka\u0161, Head of Art at VCCP Prague and his team digitally updated the artworks, whilst working alongside curators from the Museum of Contemporary Art in Kyiv, Borys Voznytsky Museum and the Ukrainian Ministry of Culture to gain permission to alter the original pieces of art. Guests to the virtual gallery can click on a painting, view how it\u2019s been altered and financially support the rescue of other U<\/span><span style=\"font-weight: 400\">krainian works.\u00a0<\/span><\/p>\n<p><b>Helena De La Barre, Managing Director at VCCP Prague <\/b><span style=\"font-weight: 400\">added:<\/span><i><span style=\"font-weight: 400\"> \u201cThe Museum of Endangered Art is one small way that we can all help protect Ukrainian culture from the atrocities of war. Art has the power to tell the world things that cannot be shared otherwise, and this is just one small way of us helping. The ongoing cultural destruction has serious ramifications for future generations and also for the identity of Ukrainian and minorities. We\u2019d be honoured if you\u2019re able to donate what you can to this project. \u201d\u00a0<\/span><\/i><\/p>\n<p><span style=\"font-weight: 400\">100% of all donations will go directly to the Committee for Ukrainian Museums, an organisation which was founded shortly after the start of the Russian invasion to save Ukrainian art all over the country. To date it has already helped 40 institutions in Ukraine and pledged their support to this new project. Donations will help to restore and save works of art; including safe transport from their museums to safe spaces whilst the war continues, and then repair and restore from the damage they have suffered. All donations will also help rebuild museums that have been damaged to ensure Ukrainian works of art can have a safe home once again.<\/span><\/p>\n<div><span style=\"color: #000000;font-family: arial, sans-serif\"><b>Dr Pawel Ukielski, <\/b><b>F<\/b><b>ounder of the Committee for Ukrainian Museums <\/b>was also interviewed on\u00a0<i><a href=\"https:\/\/vimeo.com\/720590759\" target=\"_blank\" rel=\"noopener\" data-saferedirecturl=\"https:\/\/www.google.com\/url?q=https:\/\/vimeo.com\/720590759&amp;source=gmail&amp;ust=1655382041346000&amp;usg=AOvVaw2TbRgryGJFR8pXs_vbbKJ_\">Sky News<\/a>\u00a0<\/i>about the campaign, and it has also been chosen\u00a0as\u00a0<a href=\"http:\/\/editor%27s%20pick%20in%20adage\/\" target=\"_blank\" rel=\"noopener\" data-saferedirecturl=\"https:\/\/www.google.com\/url?q=http:\/\/editor%2527s%2520pick%2520in%2520adage\/&amp;source=gmail&amp;ust=1655382041346000&amp;usg=AOvVaw2D6_kARxHFUC28BB9u64Mq\">Editor&#8217;s Pick in\u00a0<i>AdAge<\/i><\/a>.<\/span><\/div>\n<div><span style=\"color: #000000;font-family: arial, sans-serif\">\u00a0<\/span><\/div>\n  <\/div>\n<\/section><\/div>\n\n<div class=\"lazyblock-video-Z1Uoc2J wp-block-lazyblock-video\"><section class=\"fullwidth\">\r\n  <div class=\"container\">\r\n    <div class=\"embed-responsive embed-responsive-16by9 \" data-component=\"video\">\r\n      <iframe data-src=\"https:\/\/player.vimeo.com\/video\/720590759?title=0&amp;byline=0&amp;portrait=0&amp;color=6cbef1&amp;playsinline=0\" class=\"lazyload\" allowfullscreen title=\"\"><\/iframe>          <\/div>\r\n  <\/div>\r\n<\/section><\/div>\n\n<div class=\"lazyblock-text-full-width-S40Fr wp-block-lazyblock-text-full-width\"><section class=\"fullwidth text-center\" data-aos=\"fade-up\">\n  <div class=\"container\">\n    \n    \n    <p><b>Dorota Nowak <\/b><b>from the Committee for Ukrainian Museums<\/b><span style=\"font-weight: 400\">, comments: <\/span><i><span style=\"font-weight: 400\">&#8220;Art and history is the lifeblood of every nation, and it\u2019s essential that the great works of Ukraine are preserved from this war. We\u2019ve received an outpouring of support from around the world so far, but this virtual gallery allows our important message and plea for help to go even further. We are dedicated to the safeguarding of Ukrainian art and culture and your support will allow us to continue to transport the material needed for the protection and conservation of the art itself, as well as digitalise further works to raise more awareness for this important cause.\u201d<\/span><\/i><\/p>\n<p><b>Jevhen Perebyinis, Ukrainian Ambassador, <\/b><b><i>Czech Republic<\/i><\/b><i><span style=\"font-weight: 400\">:<\/span><\/i><i><span style=\"font-weight: 400\">&#8220;It\u2019s important for people from other parts of the world to feel what the Ukrainians feel. The Russian invasion threatens not only civilians and houses, but Ukrainian\u2019s culture and its very essence. More than 240 cultural institutions have been destroyed over the past 3 months, destroying our history, our statues, our museums and our cultural heritage. We continue to fight Putin\u2019s cultural genocide and show that Ukraine exists and always will.&#8221;<\/span><\/i><\/p>\n<p><span style=\"font-weight: 400\">Supporting the virtual gallery, VCCP hosted an event at the Taras Shevchenko statue in Sm\u00edchov, Prague in the Czech Republic to show solidarity with Ukrainian art and its people. Shevchenko was an important historical and political figure from Ukraine and he is considered to be the father of Ukrainian literature. The event saw the public \u2018protect\u2019 the Shevchenko statue with sandbags to symbolise how the people of Ukraine had to rush to protect their invaluable art across the country days before the invasion of Russia to help them withstand attack. Special guests included Artist Ji\u0159\u00ed \u010cernick\u00fd, an important Czech visual and experimental artist and his Excellency Jevhen Perebyjnis, the Ukrainian Ambassador in the Czech Republic.<\/span><\/p>\n<p><span style=\"font-weight: 400\">In the Czech Republic the project has been supported by Aktu\u00e1ln\u011b.cz (Economia) who have provided media space for a digital campaign and VCCP Prague are looking for media partners in other parts of the world to help spread the word and aid the fundraising efforts.\u00a0<\/span><\/p>\n<div><span style=\"color: #000000;font-family: arial, sans-serif\">\u00a0<\/span><\/div>\n  <\/div>\n<\/section><\/div>\n\n\n<figure class=\"wp-block-gallery has-nested-images columns-default is-cropped wp-block-gallery-2 is-layout-flex wp-block-gallery-is-layout-flex\">\n<figure class=\"wp-block-image size-large\"><img loading=\"lazy\" decoding=\"async\" width=\"1024\" height=\"769\" data-id=\"14946\" src=\"https:\/\/www.vccp.com\/wp-content\/uploads\/2022\/06\/Girl-with-a-Teddy-Bear_LeopoldLevytskyi_after-1024x769.jpg\" alt=\"\" class=\"wp-image-14946\" srcset=\"https:\/\/www.vccp.com\/uk\/wp-content\/uploads\/2022\/06\/Girl-with-a-Teddy-Bear_LeopoldLevytskyi_after-1024x769.jpg 1024w, https:\/\/www.vccp.com\/uk\/wp-content\/uploads\/2022\/06\/Girl-with-a-Teddy-Bear_LeopoldLevytskyi_after-300x225.jpg 300w, https:\/\/www.vccp.com\/uk\/wp-content\/uploads\/2022\/06\/Girl-with-a-Teddy-Bear_LeopoldLevytskyi_after-768x577.jpg 768w, https:\/\/www.vccp.com\/uk\/wp-content\/uploads\/2022\/06\/Girl-with-a-Teddy-Bear_LeopoldLevytskyi_after-1536x1153.jpg 1536w, https:\/\/www.vccp.com\/uk\/wp-content\/uploads\/2022\/06\/Girl-with-a-Teddy-Bear_LeopoldLevytskyi_after-2048x1538.jpg 2048w\" sizes=\"auto, (max-width: 1024px) 100vw, 1024px\" \/><\/figure>\n\n\n\n<figure class=\"wp-block-image size-large\"><img loading=\"lazy\" decoding=\"async\" width=\"1024\" height=\"769\" data-id=\"14947\" src=\"https:\/\/www.vccp.com\/wp-content\/uploads\/2022\/06\/Girl-with-a-Teddy-Bear_LeopoldLevytskyi_before-1024x769.jpg\" alt=\"\" class=\"wp-image-14947\" srcset=\"https:\/\/www.vccp.com\/uk\/wp-content\/uploads\/2022\/06\/Girl-with-a-Teddy-Bear_LeopoldLevytskyi_before-1024x769.jpg 1024w, https:\/\/www.vccp.com\/uk\/wp-content\/uploads\/2022\/06\/Girl-with-a-Teddy-Bear_LeopoldLevytskyi_before-300x225.jpg 300w, https:\/\/www.vccp.com\/uk\/wp-content\/uploads\/2022\/06\/Girl-with-a-Teddy-Bear_LeopoldLevytskyi_before-768x577.jpg 768w, https:\/\/www.vccp.com\/uk\/wp-content\/uploads\/2022\/06\/Girl-with-a-Teddy-Bear_LeopoldLevytskyi_before-1536x1153.jpg 1536w, https:\/\/www.vccp.com\/uk\/wp-content\/uploads\/2022\/06\/Girl-with-a-Teddy-Bear_LeopoldLevytskyi_before-2048x1538.jpg 2048w\" sizes=\"auto, (max-width: 1024px) 100vw, 1024px\" \/><\/figure>\n<\/figure>\n\n\n<div class=\"lazyblock-quote-full-width-ZMOcc8 wp-block-lazyblock-quote-full-width\">  <section class=\"fullwidth fullwidth--top-lg text-center\" data-aos=\"fade-up\">\n    <div class=\"container\">\n\n      <blockquote class=\"blockquote\">\n        Art has the power to tell the world things that cannot be shared otherwise, and this is just one small way of us helping. \n        <cite>Helena De La Barre, Managing Director at VCCP Prague<\/cite>      <\/blockquote>\n\n    <\/div>\n  <\/section><\/div>\n\n\n<figure class=\"wp-block-gallery has-nested-images columns-default is-cropped wp-block-gallery-3 is-layout-flex wp-block-gallery-is-layout-flex\">\n<figure class=\"wp-block-image size-large\"><img loading=\"lazy\" decoding=\"async\" width=\"1024\" height=\"759\" data-id=\"14949\" src=\"https:\/\/www.vccp.com\/wp-content\/uploads\/2022\/06\/Dnipro_Ivan-Trush_after-1024x759.jpg\" alt=\"\" class=\"wp-image-14949\" srcset=\"https:\/\/www.vccp.com\/uk\/wp-content\/uploads\/2022\/06\/Dnipro_Ivan-Trush_after-1024x759.jpg 1024w, https:\/\/www.vccp.com\/uk\/wp-content\/uploads\/2022\/06\/Dnipro_Ivan-Trush_after-300x222.jpg 300w, https:\/\/www.vccp.com\/uk\/wp-content\/uploads\/2022\/06\/Dnipro_Ivan-Trush_after-768x569.jpg 768w, https:\/\/www.vccp.com\/uk\/wp-content\/uploads\/2022\/06\/Dnipro_Ivan-Trush_after-1536x1138.jpg 1536w, https:\/\/www.vccp.com\/uk\/wp-content\/uploads\/2022\/06\/Dnipro_Ivan-Trush_after-2048x1518.jpg 2048w\" sizes=\"auto, (max-width: 1024px) 100vw, 1024px\" \/><\/figure>\n\n\n\n<figure class=\"wp-block-image size-large\"><img loading=\"lazy\" decoding=\"async\" width=\"1024\" height=\"759\" data-id=\"14948\" src=\"https:\/\/www.vccp.com\/wp-content\/uploads\/2022\/06\/Dnipro_Ivan-Trush_before-1024x759.jpg\" alt=\"\" class=\"wp-image-14948\" srcset=\"https:\/\/www.vccp.com\/uk\/wp-content\/uploads\/2022\/06\/Dnipro_Ivan-Trush_before-1024x759.jpg 1024w, https:\/\/www.vccp.com\/uk\/wp-content\/uploads\/2022\/06\/Dnipro_Ivan-Trush_before-300x222.jpg 300w, https:\/\/www.vccp.com\/uk\/wp-content\/uploads\/2022\/06\/Dnipro_Ivan-Trush_before-768x569.jpg 768w, https:\/\/www.vccp.com\/uk\/wp-content\/uploads\/2022\/06\/Dnipro_Ivan-Trush_before-1536x1138.jpg 1536w, https:\/\/www.vccp.com\/uk\/wp-content\/uploads\/2022\/06\/Dnipro_Ivan-Trush_before-2048x1518.jpg 2048w\" sizes=\"auto, (max-width: 1024px) 100vw, 1024px\" \/><\/figure>\n<\/figure>\n\n\n<div class=\"lazyblock-image-full-width-Zw3qc4 wp-block-lazyblock-image-full-width\"><section class=\"fullwidth fullwidth--img\">\n    <img data-src=\"https:\/\/www.vccp.com\/uk\/wp-content\/uploads\/2022\/06\/In-the-Field-Mykola-Hlushchenko-scaled.jpg\" alt=\"\" class=\"lazyload img-fluid\">\n\n<\/section><\/div>","protected":false},"excerpt":{"rendered":"","protected":false},"author":57,"template":"","class_list":["post-14940","work","type-work","status-publish","hentry"],"acf":{"capability_ids":["988"],"client_id":"15772","hero_video":"","hero_image":{"ID":14945,"id":14945,"title":"MUSEUM","filename":"MUSEUM.png","filesize":2757222,"url":"https:\/\/www.vccp.com\/uk\/wp-content\/uploads\/2022\/06\/MUSEUM.png","link":"https:\/\/www.vccp.com\/uk\/work\/museum-of-endangered-art\/museum-of-endangered-art\/attachment\/museum","alt":"","author":"57","description":"","caption":"","name":"museum","status":"inherit","uploaded_to":14940,"date":"2022-06-15 11:08:40","modified":"2022-06-15 11:08:40","menu_order":0,"mime_type":"image\/png","type":"image","subtype":"png","icon":"https:\/\/www.vccp.com\/uk\/wp-includes\/images\/media\/default.png","width":1920,"height":1080,"sizes":{"thumbnail":"https:\/\/www.vccp.com\/uk\/wp-content\/uploads\/2022\/06\/MUSEUM-150x150.png","thumbnail-width":150,"thumbnail-height":150,"medium":"https:\/\/www.vccp.com\/uk\/wp-content\/uploads\/2022\/06\/MUSEUM-300x169.png","medium-width":300,"medium-height":169,"medium_large":"https:\/\/www.vccp.com\/uk\/wp-content\/uploads\/2022\/06\/MUSEUM-768x432.png","medium_large-width":640,"medium_large-height":360,"large":"https:\/\/www.vccp.com\/uk\/wp-content\/uploads\/2022\/06\/MUSEUM-1024x576.png","large-width":640,"large-height":360,"1536x1536":"https:\/\/www.vccp.com\/uk\/wp-content\/uploads\/2022\/06\/MUSEUM-1536x864.png","1536x1536-width":1536,"1536x1536-height":864,"2048x2048":"https:\/\/www.vccp.com\/uk\/wp-content\/uploads\/2022\/06\/MUSEUM.png","2048x2048-width":1920,"2048x2048-height":1080,"Header":"https:\/\/www.vccp.com\/uk\/wp-content\/uploads\/2022\/06\/MUSEUM-1920x720.png","Header-width":1920,"Header-height":720,"Wide":"https:\/\/www.vccp.com\/uk\/wp-content\/uploads\/2022\/06\/MUSEUM-1920x960.png","Wide-width":1920,"Wide-height":960,"Square":"https:\/\/www.vccp.com\/uk\/wp-content\/uploads\/2022\/06\/MUSEUM-768x768.png","Square-width":768,"Square-height":768,"Tall":"https:\/\/www.vccp.com\/uk\/wp-content\/uploads\/2022\/06\/MUSEUM-307x615.png","Tall-width":307,"Tall-height":615,"Mobile":"https:\/\/www.vccp.com\/uk\/wp-content\/uploads\/2022\/06\/MUSEUM-768x960.png","Mobile-width":768,"Mobile-height":960,"Facebook":"https:\/\/www.vccp.com\/uk\/wp-content\/uploads\/2022\/06\/MUSEUM-1200x630.png","Facebook-width":1200,"Facebook-height":630,"Grid-Item-Square":"https:\/\/www.vccp.com\/uk\/wp-content\/uploads\/2022\/06\/MUSEUM-768x768.png","Grid-Item-Square-width":768,"Grid-Item-Square-height":768,"Grid-Item-Wide":"https:\/\/www.vccp.com\/uk\/wp-content\/uploads\/2022\/06\/MUSEUM-768x384.png","Grid-Item-Wide-width":768,"Grid-Item-Wide-height":384,"Grid-Item-Tall":"https:\/\/www.vccp.com\/uk\/wp-content\/uploads\/2022\/06\/MUSEUM-307x615.png","Grid-Item-Tall-width":307,"Grid-Item-Tall-height":615}},"meta-title":"Save Ukraine\u2019s art!  VCCP Prague recreates iconic Ukrainian art but with added scenes to reflect the horror of war ","meta-description":"The \u2018Museum of Endangered Art\u2019 is a virtual exhibition which launches today to raise urgent funds to protect the rich cultural heritage of Ukraine and save some of Ukraine\u2019s most influential collections for future generations to enjoy.\u00a0","social-media-image":"https:\/\/www.vccp.com\/uk\/wp-content\/uploads\/2022\/06\/MUSEUM.png","related_content_title":"You may also like","relateditems":[{"relateditem":{"ID":14621,"post_author":"57","post_date":"2022-02-22 09:15:32","post_date_gmt":"2022-02-22 09:15:32","post_content":"<!-- wp:lazyblock\/two-column-text-quote-image {\"text-left\":\"\\u003cp\\u003e\\u003cspan style=\\u0022font-weight: 400\\u0022\\u003eToday \\u003c\\\/span\\u003e\\u003cb\\u003eAmnesty International UK \\u003c\\\/b\\u003e\\u003cspan style=\\u0022font-weight: 400\\u0022\\u003elaunches a hard hitting campaign called \\u2018\\u003c\\\/span\\u003e\\u003ci\\u003e\\u003cspan style=\\u0022font-weight: 400\\u0022\\u003ePeople Smuggling Ltd\\u2019\\u00a0 \\u003c\\\/span\\u003e\\u003c\\\/i\\u003e\\u003cspan style=\\u0022font-weight: 400\\u0022\\u003ein an effort to drive awareness of the damaging impact the proposed \\u2018Nationality \\u0026amp; Borders bill\\u2019 will have on the UK asylum system. In failing to provide safe and legal routes into the UK for people seeking asylum, the bill will force people into the lethal arms of smuggling gangs instead. Already a hugely lucrative criminal enterprise - the only people set to benefit from this bill are people smugglers.\\u00a0\\u003c\\\/span\\u003e\\u003c\\\/p\\u003e\\n\\u003cp\\u003e\\u003cspan style=\\u0022font-weight: 400\\u0022\\u003eThe new Amnesty International UK campaign launches with a 90\\u201d hero film, created by \\u003c\\\/span\\u003e\\u003cb\\u003eVCCP London,\\u003c\\\/b\\u003e\\u003cspan style=\\u0022font-weight: 400\\u0022\\u003e with media planned and executed by\\u003c\\\/span\\u003e\\u003cb\\u003e VCCP Media. \\u003c\\\/b\\u003e\\u003cspan style=\\u0022font-weight: 400\\u0022\\u003eLaunching today across Amnesty\\u2019s social channels, including Instagram, Twitter, Facebook and YouTube, \\u2018\\u003c\\\/span\\u003e\\u003ci\\u003e\\u003cspan style=\\u0022font-weight: 400\\u0022\\u003ePeople Smuggling Ltd\\u2019 \\u003c\\\/span\\u003e\\u003c\\\/i\\u003e\\u003cspan style=\\u0022font-weight: 400\\u0022\\u003e\\u00a0satirises a fundamental flaw in the bill - that it will benefit people smugglers not those seeking safety in the UK. \\u003c\\\/span\\u003e\\u003ci\\u003e\\u003cspan style=\\u0022font-weight: 400\\u0022\\u003e\\u2018People Smuggling Ltd,\\u2019\\u003c\\\/span\\u003e\\u003c\\\/i\\u003e\\u003cspan style=\\u0022font-weight: 400\\u0022\\u003e is a fake business created by Amnesty International UK masquerading as a blue chip company to dramatise the growth predicted for the people smuggling industry thanks to the bill.\\u00a0\\u003c\\\/span\\u003e\\u003c\\\/p\\u003e\\n\\u003cp\\u003e\\u003cspan style=\\u0022font-weight: 400\\u0022\\u003eNarrated by actor Russell Tovey, the satirical promotional video is designed to give this \\u2018business\\u2019 a veneer of acceptability. \\u003c\\\/span\\u003e\\u003ci\\u003e\\u003cspan style=\\u0022font-weight: 400\\u0022\\u003e\\u2018People Smuggling Ltd\\u2019 \\u003c\\\/span\\u003e\\u003c\\\/i\\u003e\\u003cspan style=\\u0022font-weight: 400\\u0022\\u003einitially appears as a legitimate successful global business, but gradually reveals the exploitation at the heart of its model and the boom in business anticipated as the result of the \\u2018Nationality \\u0026amp; Borders Bill.\\u2019 Backed by an upbeat, promotional soundtrack, the generic corporate film mixes fake corporate footage with hard hitting imagery depicting the harsh realities for those fleeing conflict and persecution. The corporate video draws to a close with a very clear change of tone, set to the eerie backdrop of waves lapping on shore, as Amnesty International UK enters the film to explain the severity of the Bill and the impact it will have on those seeking safety, finishing with a call to action and a reminder that \\u2018when we all act, humanity wins\\u2019.\\u003c\\\/span\\u003e\\u003c\\\/p\\u003e\",\"text-right\":\"\\u003cp\\u003e\\u003cb\\u003eTom Davies, Refugee and Migrant Rights Campaign Manager at Amnesty International UK\\u003c\\\/b\\u003e\\u003cspan style=\\u0022font-weight: 400\\u0022\\u003e said: \\u003c\\\/span\\u003e\\u003ci\\u003e\\u003cspan style=\\u0022font-weight: 400\\u0022\\u003e\\u2018The Government\\u2019s case for the draconian measures in the \\u2018Nationality \\u0026amp; Borders Bill\\u2019 is entirely false. Ministers claim the bill will stop people making dangerous journeys, combat people smugglers and save money - none of this is true. We want to urge the British public to seriously consider the impact this legislation will have on people seeking asylum and to take a stand by\\u00a0 signing our online action, to pressure the government to rethink this harmful bill. VCCP London have worked with us to create a campaign under the guise of a faux company\\u2019s promotional video that will have mass reach in a format that\\u2019s uncomfortably impactful and encourages people to take action.\\u2019\\u00a0\\u003c\\\/span\\u003e\\u003c\\\/i\\u003e\\u003c\\\/p\\u003e\\n\\u003cp\\u003e\\u003cb\\u003eJonny Parker and Chris Birch, Executive Creative Directors at VCCP London \\u003c\\\/b\\u003e\\u003cspan style=\\u0022font-weight: 400\\u0022\\u003eadded:\\u003c\\\/span\\u003e\\u003ci\\u003e\\u003cspan style=\\u0022font-weight: 400\\u0022\\u003e \\u2018Amnesty International continues to campaign against injustice and act as a voice for those who are most vulnerable. Being involved in such an important piece of work is so rewarding. It\\u2019s good for humanity and great for the soul. Our hope with this campaign is that it will encourage support from the public which drives action from the government to reconsider this potentially harmful bill. Let\\u2019s make sure humanity wins on this issue.\\u2019\\u003c\\\/span\\u003e\\u003c\\\/i\\u003e\\u003c\\\/p\\u003e\\n\\u003cp\\u003e\\u003cspan style=\\u0022font-weight: 400\\u0022\\u003eTo support the campaign, media has also been purchased in The Guardian in a fold out insert as Amnesty International UK calls for the British public to support this campaign.\\u00a0\\u003c\\\/span\\u003e\\u003c\\\/p\\u003e\",\"blockId\":\"hxSXC\",\"blockUniqueClass\":\"lazyblock-two-column-text-quote-image-hxSXC\"} \/-->\n\n<!-- wp:lazyblock\/video {\"video-id\":\"680085290\",\"blockId\":\"ZRSdyY\",\"blockUniqueClass\":\"lazyblock-video-ZRSdyY\"} \/-->\n\n<!-- wp:lazyblock\/quote-full-width {\"quote\":\"\\u2018Our hope with this campaign is that it will encourage support from the public which drives action from the government to reconsider this potentially harmful bill. Let\\u2019s make sure humanity wins on this issue.\\u2019\",\"quotee\":\"Jonny Parker and Chris Birch, Executive Creative Directors at VCCP London\",\"blockId\":\"7DW1h\",\"blockUniqueClass\":\"lazyblock-quote-full-width-7DW1h\"} \/-->\n\n<!-- wp:lazyblock\/carousel {\"items\":\"%5B%7B%22image-1152x648%22:%7B%22alt%22:%22%22,%22title%22:%22amnestyArtboard-2%22,%22caption%22:%22%22,%22id%22:14625,%22link%22:%22https:\\\/\\\/www.vccp.com\\\/?attachment_id=14625%22,%22url%22:%22https:\\\/\\\/www.vccp.com\\\/wp-content\\\/uploads\\\/2022\\\/02\\\/amnestyArtboard-2.png%22%7D%7D,%7B%22image-1152x648%22:%7B%22alt%22:%22%22,%22title%22:%22amnestyArtboard-1%22,%22caption%22:%22%22,%22id%22:14624,%22link%22:%22https:\\\/\\\/www.vccp.com\\\/?attachment_id=14624%22,%22url%22:%22https:\\\/\\\/www.vccp.com\\\/wp-content\\\/uploads\\\/2022\\\/02\\\/amnestyArtboard-1.png%22%7D%7D,%7B%22image-1152x648%22:%7B%22alt%22:%22%22,%22title%22:%22amnestyArtboard-3%22,%22caption%22:%22%22,%22id%22:14626,%22link%22:%22https:\\\/\\\/www.vccp.com\\\/?attachment_id=14626%22,%22url%22:%22https:\\\/\\\/www.vccp.com\\\/wp-content\\\/uploads\\\/2022\\\/02\\\/amnestyArtboard-3.png%22%7D%7D,%7B%22image-1152x648%22:%7B%22alt%22:%22%22,%22title%22:%22amnestyArtboard-4%22,%22caption%22:%22%22,%22id%22:14627,%22link%22:%22https:\\\/\\\/www.vccp.com\\\/?attachment_id=14627%22,%22url%22:%22https:\\\/\\\/www.vccp.com\\\/wp-content\\\/uploads\\\/2022\\\/02\\\/amnestyArtboard-4.png%22%7D%7D%5D\",\"arrow-controls\":true,\"blockId\":\"2pcTpQ\",\"blockUniqueClass\":\"lazyblock-carousel-2pcTpQ\"} \/-->","post_title":"'People Smuggling Ltd'","post_excerpt":"","post_status":"publish","comment_status":"closed","ping_status":"closed","post_password":"","post_name":"people-smuggling-ltd","to_ping":"","pinged":"","post_modified":"2022-02-23 15:06:15","post_modified_gmt":"2022-02-23 15:06:15","post_content_filtered":"","post_parent":0,"guid":"https:\/\/www.vccp.com\/?post_type=work&#038;p=14621","menu_order":0,"post_type":"work","post_mime_type":"","comment_count":"0","filter":"raw"}},{"relateditem":{"ID":10551,"post_author":"3","post_date":"2019-03-06 12:40:28","post_date_gmt":"2019-03-06 12:40:28","post_content":"<!-- wp:lazyblock\/video {\"video-id\":\"321724643\",\"blockId\":\"9j5N4\",\"blockUniqueClass\":\"lazyblock-video-9j5N4\"} \/-->\n\n<!-- wp:lazyblock\/two-column-text-quote-image {\"text-right\":\"\\u003cp\\u003eIt\u2019s an undeniable truth that families belong together, but this is not currently the case for a number of refugees who are denied a family life in Britain.\u00a0\\u003c\/p\\u003e\\n\\u003cp\\u003eThis is why Amnesty International UK organised the first ever \u2018Family-free Zone\u2019 on the Southbank on Saturday 2nd March, as part on their ongoing effort campaigning for refugee families to be together.\\u003c\/p\\u003e\",\"quote\":\"Amnesty creates first ever 'family-free' zone.\",\"blockId\":\"V83fO\",\"blockUniqueClass\":\"lazyblock-two-column-text-quote-image-V83fO\"} \/-->\n\n<!-- wp:lazyblock\/image-full-width {\"image\":\"%7B%22alt%22:%22%22,%22title%22:%22amnesty-international%22,%22caption%22:%22%22,%22id%22:10573,%22link%22:%22https:\/\/www.vccp.com\/work\/amnesty-international\/family-free-zone\/attachment\/amnesty-international-2\/%22,%22url%22:%22https:\/\/www.vccp.com\/wp-content\/uploads\/2019\/03\/amnesty-international.jpg%22%7D\",\"blockId\":\"9NaU3\",\"blockUniqueClass\":\"lazyblock-image-full-width-9NaU3\"} \/-->\n\n<!-- wp:lazyblock\/text-full-width {\"text\":\"\\u003ch4\\u003eThe surreal experience saw two security guards patrolling the area in busy Southbank, telling families that they couldn't enjoy the view, take pictures, sit, chat or eat in the zone together.\u00a0\\u003c\/h4\\u003e\",\"blockId\":\"Zargsu\",\"blockUniqueClass\":\"lazyblock-text-full-width-Zargsu\"} \/-->\n\n<!-- wp:lazyblock\/two-column-text-image-top-aligned {\"image-768x768\":\"%7B%22alt%22:%22%22,%22title%22:%22amnesty-internation_2%22,%22caption%22:%22%22,%22id%22:10574,%22link%22:%22https:\/\/www.vccp.com\/work\/amnesty-international\/family-free-zone\/attachment\/amnesty-internation_2\/%22,%22url%22:%22https:\/\/www.vccp.com\/wp-content\/uploads\/2019\/03\/amnesty-internation_2.jpg%22%7D\",\"text\":\"\\u003cp\\u003eThe experience highlighted the ridiculous, and seemingly arbitrary, nature of the existing law, galvanizing the public to sign a petition to call on the Home Secretary, Sajid Javid, to amend the law himself.\u00a0\\u003cbr \/\\u003e\\u003cbr \/\\u003eThe campaign builds on the success of Amnesty\u2019s\u00a0\\u003ca href=\\u0022https:\/\/www.vccp.com\/en-gb\/work\/amnesty-international\/the-undeniable-wonders-of-family-life\\u0022\\u003einstallation on the Southbank last year\u00a0\\u003c\/a\\u003ewhere they placed families in a glass box over Mothering Sunday, and had them carry out their normal routines; playing Monopoly, watching TV, eating pizza. It demonstrated the undeniable wonder of everyday family life that many refugees were being denied, and resulted in 13,715 people emailing their MPs and 129 MPs voting in favour of the Refugee Family Reunion Bill.\u00a0\\u003cbr \/\\u003e\\u003cbr \/\\u003e\\u003c\/p\\u003e\\n\\u003cdiv\\u003e\\u003cstrong\\u003eJonny Parker, Creative Director at VCCP, said:\\u003c\/strong\\u003e\\u003c\/div\\u003e\\n\\u003cdiv\\u003e\\u0022We're delighted to be helping support Amnesty International keep refugee families together. We had a great reaction from the public and we're hoping loads more will take action to make sure humanity wins on this issue.\\u0022\\u003c\/div\\u003e\",\"blockId\":\"Z27xVQv\",\"blockUniqueClass\":\"lazyblock-two-column-text-image-top-aligned-Z27xVQv\"} \/-->\n\n<!-- wp:lazyblock\/quote-full-width {\"quote\":\"We want to show the Government that there is still widespread public support to change this issue, by highlighting the ridiculousness of these rules. The \u2018Family-free Zone\u2019 parodies the absurdity of these rules and asks the UK public to back our call to the Home Secretary to change them once and for all.\",\"quotee\":\"Sam Strudwick, Head of Communications and Engagement at Amnesty International\",\"blockId\":\"ZmbdPS\",\"blockUniqueClass\":\"lazyblock-quote-full-width-ZmbdPS\"} \/-->","post_title":"Family Free Zone","post_excerpt":"","post_status":"publish","comment_status":"closed","ping_status":"closed","post_password":"","post_name":"family-free-zone","to_ping":"","pinged":"","post_modified":"2020-08-25 10:17:03","post_modified_gmt":"2020-08-25 09:17:03","post_content_filtered":"","post_parent":10331,"guid":"https:\/\/www.vccp.com\/?post_type=work&#038;p=10551","menu_order":0,"post_type":"work","post_mime_type":"","comment_count":"0","filter":"raw"}},{"relateditem":{"ID":11645,"post_author":"7","post_date":"2020-06-05 17:05:01","post_date_gmt":"2020-06-05 16:05:01","post_content":"<!-- wp:lazyblock\/two-column-text-quote-image {\"text-right\":\"\\u003cp\\u003eVCCP CX, alongside their counterparts in VCCP Prague, have been supporting Czechitas, a well-known organisation in the Czech Republic, that helps women and children get to know the digital industry. Specifically, we supported their pilot three-month course in Prague called Digital Academy: Web. The course is intended for women, such as mothers on maternity leave, recent graduates or those who want to change their field of work.\\u00a0\\u003cbr \\\/\\u003e\\u003cbr \\\/\\u003ePart of the collaboration was also supposed to include a visit to the office in Prague, which had to be cancelled as a result of government lockdown regulations for Coronavirus, so they created a virtual variant of it. The course participants were able to tour the agency via a Zoom video conference, which also included a presentation of VCCP's values, how we work, what we do and case studies and successes.\\u003c\\\/p\\u003e\",\"quote\":\"Czechitas helps women and children learn about the digital industry.\",\"blockId\":\"Z513e1\",\"blockUniqueClass\":\"lazyblock-two-column-text-quote-image-Z513e1\"} \/-->\n\n<!-- wp:lazyblock\/quote-full-width {\"quote\":\"The 'COVID-19 era' has moved us towards the online environment, and even more activities are being moved to digital than before. Our collaboration with Czechitas therefore makes all the more sense now. We are very pleased to be able to contribute to the education of women in the digital field, and to help secure equal opportunities for everyone who wants to get their dream job in the IT field - maybe even at VCCP!\",\"quotee\":\"Jan Louda, Production Director, VCCP Prague\",\"blockId\":\"3IauM\",\"blockUniqueClass\":\"lazyblock-quote-full-width-3IauM\"} \/-->","post_title":"Czechitas","post_excerpt":"","post_status":"publish","comment_status":"closed","ping_status":"closed","post_password":"","post_name":"czechitas","to_ping":"","pinged":"","post_modified":"2020-08-27 16:39:31","post_modified_gmt":"2020-08-27 15:39:31","post_content_filtered":"","post_parent":0,"guid":"https:\/\/www.vccp.com\/?post_type=news&#038;p=11645","menu_order":0,"post_type":"news","post_mime_type":"","comment_count":"0","filter":"raw"}}],"hide_related_items":[],"visible_on_home_page":["1"],"websites_to_publish":[]},"_links":{"self":[{"href":"https:\/\/www.vccp.com\/uk\/wp-json\/wp\/v2\/work\/14940","targetHints":{"allow":["GET"]}}],"collection":[{"href":"https:\/\/www.vccp.com\/uk\/wp-json\/wp\/v2\/work"}],"about":[{"href":"https:\/\/www.vccp.com\/uk\/wp-json\/wp\/v2\/types\/work"}],"author":[{"embeddable":true,"href":"https:\/\/www.vccp.com\/uk\/wp-json\/wp\/v2\/users\/57"}],"wp:attachment":[{"href":"https:\/\/www.vccp.com\/uk\/wp-json\/wp\/v2\/media?parent=14940"}],"curies":[{"name":"wp","href":"https:\/\/api.w.org\/{rel}","templated":true}]}}